{"id":681,"date":"2023-06-27T13:50:44","date_gmt":"2023-06-27T11:50:44","guid":{"rendered":"http:\/\/ferrerbobet.com\/entre-vinas\/"},"modified":"2024-06-14T17:24:04","modified_gmt":"2024-06-14T15:24:04","slug":"entre-vinas","status":"publish","type":"page","link":"https:\/\/ferrerbobet.com\/es\/entre-vinas\/","title":{"rendered":"Entre vi\u00f1as"},"content":{"rendered":"<p>[et_pb_section fb_built=\u00bb1&#8243; _builder_version=\u00bb4.23.4&#8243; _module_preset=\u00bbdefault\u00bb background_color=\u00bbgcid-6943447e-1a90-4e0a-ac14-52212f46884d\u00bb background_image=\u00bbhttp:\/\/ferrerbobet.com\/wp-content\/uploads\/2023\/10\/Entre-vinyes_1-FerrerBobet.jpg\u00bb background_blend=\u00bboverlay\u00bb min_height=\u00bb400px\u00bb da_disable_devices=\u00bboff|off|off\u00bb global_colors_info=\u00bb{%22gcid-6943447e-1a90-4e0a-ac14-52212f46884d%22:%91%22background_color%22%93}\u00bb da_is_popup=\u00bboff\u00bb da_exit_intent=\u00bboff\u00bb da_has_close=\u00bbon\u00bb da_alt_close=\u00bboff\u00bb da_dark_close=\u00bboff\u00bb da_not_modal=\u00bbon\u00bb da_is_singular=\u00bboff\u00bb da_with_loader=\u00bboff\u00bb da_has_shadow=\u00bbon\u00bb][et_pb_row _builder_version=\u00bb4.22.2&#8243; _module_preset=\u00bbdefault\u00bb custom_margin=\u00bb80px||||false|false\u00bb global_colors_info=\u00bb{}\u00bb][et_pb_column type=\u00bb4_4&#8243; _builder_version=\u00bb4.21.0&#8243; _module_preset=\u00bbdefault\u00bb global_colors_info=\u00bb{}\u00bb][et_pb_text _builder_version=\u00bb4.22.2&#8243; _module_preset=\u00bbdefault\u00bb header_font=\u00bb|300||on|||||\u00bb header_text_align=\u00bbcenter\u00bb header_font_size=\u00bb54px\u00bb header_2_font=\u00bb|300||on|||||\u00bb header_2_text_align=\u00bbcenter\u00bb header_2_font_size=\u00bb36px\u00bb border_color_bottom=\u00bb#EE3311&#8243; global_colors_info=\u00bb{}\u00bb]<\/p>\n<h1>Entre vi\u00f1as<\/h1>\n<p>[\/et_pb_text][\/et_pb_column][\/et_pb_row][\/et_pb_section][et_pb_section fb_built=\u00bb1&#8243; _builder_version=\u00bb4.23.4&#8243; _module_preset=\u00bbdefault\u00bb background_color=\u00bbgcid-09bad0f8-27cf-46d5-adef-eae5a329c0aa\u00bb min_height=\u00bb400px\u00bb da_disable_devices=\u00bboff|off|off\u00bb global_colors_info=\u00bb{%22gcid-09bad0f8-27cf-46d5-adef-eae5a329c0aa%22:%91%22background_color%22%93}\u00bb da_is_popup=\u00bboff\u00bb da_exit_intent=\u00bboff\u00bb da_has_close=\u00bbon\u00bb da_alt_close=\u00bboff\u00bb da_dark_close=\u00bboff\u00bb da_not_modal=\u00bbon\u00bb da_is_singular=\u00bboff\u00bb da_with_loader=\u00bboff\u00bb da_has_shadow=\u00bbon\u00bb][et_pb_row column_structure=\u00bb2_5,3_5&#8243; disabled_on=\u00bbon|on|off\u00bb _builder_version=\u00bb4.23&#8243; _module_preset=\u00bbdefault\u00bb custom_padding=\u00bb||||false|false\u00bb custom_css_main_element=\u00bbdisplay: flex;||align-items: center;\u00bb global_colors_info=\u00bb{}\u00bb][et_pb_column type=\u00bb2_5&#8243; _builder_version=\u00bb4.21.0&#8243; _module_preset=\u00bbdefault\u00bb global_colors_info=\u00bb{}\u00bb][et_pb_gallery gallery_ids=\u00bb520,514,616,1340,1343&#8243; fullwidth=\u00bbon\u00bb _builder_version=\u00bb4.24.0&#8243; _module_preset=\u00bbdefault\u00bb background_layout=\u00bbdark\u00bb auto=\u00bbon\u00bb auto_speed=\u00bb5000&#8243; global_colors_info=\u00bb{}\u00bb][\/et_pb_gallery][\/et_pb_column][et_pb_column type=\u00bb3_5&#8243; _builder_version=\u00bb4.21.0&#8243; _module_preset=\u00bbdefault\u00bb global_colors_info=\u00bb{}\u00bb][et_pb_text _builder_version=\u00bb4.23.4&#8243; _module_preset=\u00bbdefault\u00bb text_text_color=\u00bbgcid-1435c12f-75db-42d0-baa8-4c0fc912708e\u00bb custom_css_main_element=\u00bbfont-weight: 400;\u00bb global_colors_info=\u00bb{%22gcid-1435c12f-75db-42d0-baa8-4c0fc912708e%22:%91%22text_text_color%22%93}\u00bb]<\/p>\n<p>Ferrer Bobet se basa en el respeto. Respeto por la tradici\u00f3n vitivin\u00edcola secular del Priorato. Respeto por el desarrollo econ\u00f3mico y social de esta m\u00e1gica comarca del sur de Catalu\u00f1a. Respeto mutuo entre dos buenos amigos, Sergi Ferrer-Salat y Ra\u00fcl Bobet, apasionados del mundo y la cultura del vino. Y respeto por las personas que buscan un Priorato que refleje con pureza y armon\u00eda la esencia mineral tan propia de estas tierras. El a\u00f1o 2008 vieron la luz nuestros dos primeros vinos, Ferrer Bobet Vinyes Velles y Ferrer Bobet Selecci\u00f3 Especial Vinyes velles 2005, elaborados con algunas de las vi\u00f1as m\u00e1s viejas del Priorato. Estos dos vinos ser\u00edan el primer fruto de un sue\u00f1o que hab\u00eda nacido con la llegada del nuevo siglo, el primer gran paso de un intenso y apasionante viaje.<\/p>\n<p>[\/et_pb_text][\/et_pb_column][\/et_pb_row][et_pb_row column_structure=\u00bb3_5,2_5&#8243; disabled_on=\u00bboff|off|on\u00bb _builder_version=\u00bb4.23&#8243; _module_preset=\u00bbdefault\u00bb custom_padding=\u00bb||||false|false\u00bb global_colors_info=\u00bb{}\u00bb][et_pb_column type=\u00bb3_5&#8243; _builder_version=\u00bb4.21.0&#8243; _module_preset=\u00bbdefault\u00bb global_colors_info=\u00bb{}\u00bb][et_pb_text _builder_version=\u00bb4.23.4&#8243; _module_preset=\u00bbdefault\u00bb text_text_color=\u00bbgcid-1435c12f-75db-42d0-baa8-4c0fc912708e\u00bb custom_css_main_element=\u00bbfont-weight: 400;\u00bb global_colors_info=\u00bb{%22gcid-1435c12f-75db-42d0-baa8-4c0fc912708e%22:%91%22text_text_color%22%93}\u00bb]<\/p>\n<p>Ferrer Bobet se basa en el respeto. Respeto por la tradici\u00f3n vitivin\u00edcola secular del Priorato. Respeto por el desarrollo econ\u00f3mico y social de esta m\u00e1gica comarca del sur de Catalu\u00f1a. Respeto mutuo entre dos buenos amigos, Sergi Ferrer-Salat y Ra\u00fcl Bobet, apasionados del mundo y la cultura del vino. Y respeto por las personas que buscan un Priorato que refleje con pureza y armon\u00eda la esencia mineral tan propia de estas tierras. El a\u00f1o 2008 vieron la luz nuestros dos primeros vinos, Ferrer Bobet Vinyes Velles y Ferrer Bobet Selecci\u00f3 Especial Vinyes velles 2005, elaborados con algunas de las vi\u00f1as m\u00e1s viejas del Priorato. Estos dos vinos ser\u00edan el primer fruto de un sue\u00f1o que hab\u00eda nacido con la llegada del nuevo siglo, el primer gran paso de un intenso y apasionante viaje.<\/p>\n<p>[\/et_pb_text][\/et_pb_column][et_pb_column type=\u00bb2_5&#8243; _builder_version=\u00bb4.21.0&#8243; _module_preset=\u00bbdefault\u00bb global_colors_info=\u00bb{}\u00bb][et_pb_gallery gallery_ids=\u00bb520,514,616&#8243; fullwidth=\u00bbon\u00bb _builder_version=\u00bb4.22.2&#8243; _module_preset=\u00bbdefault\u00bb background_layout=\u00bbdark\u00bb auto=\u00bbon\u00bb auto_speed=\u00bb5000&#8243; global_colors_info=\u00bb{}\u00bb][\/et_pb_gallery][\/et_pb_column][\/et_pb_row][\/et_pb_section][et_pb_section fb_built=\u00bb1&#8243; _builder_version=\u00bb4.23.4&#8243; _module_preset=\u00bbdefault\u00bb background_color=\u00bbgcid-d0fbd824-1e08-47c9-8a4b-35fbb5093e67&#8243; da_disable_devices=\u00bboff|off|off\u00bb global_colors_info=\u00bb{%22gcid-d0fbd824-1e08-47c9-8a4b-35fbb5093e67%22:%91%22background_color%22%93}\u00bb da_is_popup=\u00bboff\u00bb da_exit_intent=\u00bboff\u00bb da_has_close=\u00bbon\u00bb da_alt_close=\u00bboff\u00bb da_dark_close=\u00bboff\u00bb da_not_modal=\u00bbon\u00bb da_is_singular=\u00bboff\u00bb da_with_loader=\u00bboff\u00bb da_has_shadow=\u00bbon\u00bb][et_pb_row _builder_version=\u00bb4.21.0&#8243; _module_preset=\u00bbdefault\u00bb global_colors_info=\u00bb{}\u00bb][et_pb_column type=\u00bb4_4&#8243; _builder_version=\u00bb4.21.0&#8243; _module_preset=\u00bbdefault\u00bb global_colors_info=\u00bb{}\u00bb][et_pb_text _builder_version=\u00bb4.22.2&#8243; _module_preset=\u00bbdefault\u00bb header_text_align=\u00bbcenter\u00bb header_2_font=\u00bb|300||on|||||\u00bb header_2_text_align=\u00bbcenter\u00bb header_2_font_size=\u00bb36px\u00bb border_color_bottom=\u00bb#EE3311&#8243; global_colors_info=\u00bb{}\u00bb]<\/p>\n<h2>Territorio<\/h2>\n<p>[\/et_pb_text][\/et_pb_column][\/et_pb_row][et_pb_row column_structure=\u00bb3_5,2_5&#8243; _builder_version=\u00bb4.21.0&#8243; _module_preset=\u00bbdefault\u00bb custom_padding=\u00bb0px||||false|false\u00bb global_colors_info=\u00bb{}\u00bb][et_pb_column type=\u00bb3_5&#8243; _builder_version=\u00bb4.21.0&#8243; _module_preset=\u00bbdefault\u00bb global_colors_info=\u00bb{}\u00bb][et_pb_text _builder_version=\u00bb4.23.4&#8243; _module_preset=\u00bbdefault\u00bb text_text_color=\u00bbgcid-1435c12f-75db-42d0-baa8-4c0fc912708e\u00bb custom_css_main_element=\u00bbfont-weight: 400;\u00bb global_colors_info=\u00bb{%22gcid-1435c12f-75db-42d0-baa8-4c0fc912708e%22:%91%22text_text_color%22%93}\u00bb]<\/p>\n<p>Ferrer Bobet se encuentra en la zona de Porrera, un precioso entorno natural que posee unas caracter\u00edsticas excepcionales para la viticultura y que, de hecho, fueron determinantes en la hora de decidir apostar por estos parajes.<\/p>\n<p>Porrera es una de las \u00e1reas m\u00e1s frescas del Priorato, gracias principalmente a la marcada influencia de los vientos del nordeste, con un sutil efecto moderador del Mediterr\u00e1neo, y a su topograf\u00eda, caracterizada por la presencia de diversas de las vi\u00f1as situadas a m\u00e1s altura y con m\u00e1s pendiente de la denominaci\u00f3n de origen. Estos factores confluyen para crear un fuerte gradiente t\u00e9rmico entre el d\u00eda y la noche, y garantizar, as\u00ed, una \u00f3ptima maduraci\u00f3n fen\u00f3lica y la preservaci\u00f3n de la frescura, la acidez y los aromas. As\u00ed mismo, las m\u00faltiples orientaciones de las vi\u00f1as conforman una rica diversidad de mesoclimas y brindan la posibilidad de crear vinos de una complejidad y elegancia especiales.<\/p>\n<p>[\/et_pb_text][\/et_pb_column][et_pb_column type=\u00bb2_5&#8243; _builder_version=\u00bb4.21.0&#8243; _module_preset=\u00bbdefault\u00bb global_colors_info=\u00bb{}\u00bb][et_pb_image src=\u00bbhttp:\/\/ferrerbobet.com\/wp-content\/uploads\/2023\/11\/MG_6692-scaled.jpg\u00bb title_text=\u00bb_MG_6692&#8243; show_in_lightbox=\u00bbon\u00bb _builder_version=\u00bb4.24.0&#8243; _module_preset=\u00bbdefault\u00bb global_colors_info=\u00bb{}\u00bb][\/et_pb_image][\/et_pb_column][\/et_pb_row][et_pb_row column_structure=\u00bb2_5,3_5&#8243; _builder_version=\u00bb4.21.0&#8243; _module_preset=\u00bbdefault\u00bb global_colors_info=\u00bb{}\u00bb][et_pb_column type=\u00bb2_5&#8243; _builder_version=\u00bb4.21.0&#8243; _module_preset=\u00bbdefault\u00bb global_colors_info=\u00bb{}\u00bb][et_pb_image src=\u00bbhttp:\/\/ferrerbobet.com\/wp-content\/uploads\/2023\/10\/Diseno-sin-titulo-5.jpg\u00bb title_text=\u00bbDise\u00f1o sin t\u00edtulo-5&#8243; show_in_lightbox=\u00bbon\u00bb _builder_version=\u00bb4.24.0&#8243; _module_preset=\u00bbdefault\u00bb global_colors_info=\u00bb{}\u00bb][\/et_pb_image][\/et_pb_column][et_pb_column type=\u00bb3_5&#8243; _builder_version=\u00bb4.21.0&#8243; _module_preset=\u00bbdefault\u00bb global_colors_info=\u00bb{}\u00bb][et_pb_text _builder_version=\u00bb4.23.4&#8243; _module_preset=\u00bbdefault\u00bb text_text_color=\u00bbgcid-1435c12f-75db-42d0-baa8-4c0fc912708e\u00bb custom_css_main_element=\u00bbfont-weight: 400;\u00bb global_colors_info=\u00bb{%22gcid-1435c12f-75db-42d0-baa8-4c0fc912708e%22:%91%22text_text_color%22%93}\u00bb]<\/p>\n<p>A todo esto tenemos que a\u00f1adir unos suelos compuestos de forma casi exclusiva de pizarra, la proverbial licorella, que solo poseen los mejores tierras del Priorato, y que contribuyen de forma vital a la inimitable personalidad de los vinos.<\/p>\n<p>Hasta el d\u00eda de hoy hemos usado cepas centenarias de Cari\u00f1ena y Garnacha Negra, procedentes de unas vi\u00f1as privilegiadas que disfrutan de todas estas cualidades, con los propietarios de las cuales nos une una larga relaci\u00f3n de amistad, afecto y respeto.<\/p>\n<p>Paralelamente, las vi\u00f1as propias de Ferrer Bobet se plantaron, en los alrededores de la bodega, en 2004 y 2005, en costeros y terrazas minuciosamente seleccionados despu\u00e9s de exhaustivos estudios ed\u00e1ficos y de adaptabilidad, con las variedades de Cari\u00f1ena, Garnacha Negra, Syrah, Cabernet Sauvignon, Viognier y Roussane. Utilizamos, en cada caso, portainjertos y clones de baja productividad, \u00f3ptimos para un perfecto equilibrio de la cepa.<\/p>\n<p>[\/et_pb_text][\/et_pb_column][\/et_pb_row][et_pb_row column_structure=\u00bb3_5,2_5&#8243; _builder_version=\u00bb4.22.2&#8243; _module_preset=\u00bbdefault\u00bb custom_css_main_element=\u00bbdisplay: flex;||align-items: center;\u00bb global_colors_info=\u00bb{}\u00bb custom_css_main_element_last_edited=\u00bbon|tablet\u00bb custom_css_main_element_tablet=\u00bbdisplay: block;\u00bb custom_css_main_element_phone=\u00bbdisplay: block;\u00bb][et_pb_column type=\u00bb3_5&#8243; _builder_version=\u00bb4.21.0&#8243; _module_preset=\u00bbdefault\u00bb global_colors_info=\u00bb{}\u00bb][et_pb_text _builder_version=\u00bb4.24.3&#8243; _module_preset=\u00bbdefault\u00bb text_text_color=\u00bbgcid-1435c12f-75db-42d0-baa8-4c0fc912708e\u00bb hover_enabled=\u00bb0&#8243; custom_css_main_element=\u00bbfont-weight: 400;\u00bb global_colors_info=\u00bb{%22gcid-1435c12f-75db-42d0-baa8-4c0fc912708e%22:%91%22text_text_color%22%93}\u00bb sticky_enabled=\u00bb0&#8243;]<\/p>\n<p>De las 70 hect\u00e1reas de que consta la finca, hemos plantado exclusivamente 15, en consonancia con nuestro respeto por la biodiversidad de estos parajes \u00fanicos. Y esto sin olvidar comentar un aspecto que resulta fundamental para nosotros: una viticultura org\u00e1nica estricta a nuestras vi\u00f1as, que no contempla el uso de insecticidas ni de herbicidas.<\/p>\n<p>&nbsp;<\/p>\n<p>[\/et_pb_text][\/et_pb_column][et_pb_column type=\u00bb2_5&#8243; _builder_version=\u00bb4.21.0&#8243; _module_preset=\u00bbdefault\u00bb global_colors_info=\u00bb{}\u00bb][et_pb_image src=\u00bbhttp:\/\/ferrerbobet.com\/wp-content\/uploads\/2023\/11\/MG_8434-scaled.jpg\u00bb title_text=\u00bb_MG_8434&#8243; show_in_lightbox=\u00bbon\u00bb _builder_version=\u00bb4.24.0&#8243; _module_preset=\u00bbdefault\u00bb global_colors_info=\u00bb{}\u00bb][\/et_pb_image][\/et_pb_column][\/et_pb_row][\/et_pb_section][et_pb_section fb_built=\u00bb1&#8243; _builder_version=\u00bb4.23.4&#8243; _module_preset=\u00bbdefault\u00bb background_color=\u00bbgcid-f4976936-8d16-4c4f-a50e-34973c314a3e\u00bb da_disable_devices=\u00bboff|off|off\u00bb global_colors_info=\u00bb{%22gcid-f4976936-8d16-4c4f-a50e-34973c314a3e%22:%91%22background_color%22%93}\u00bb da_is_popup=\u00bboff\u00bb da_exit_intent=\u00bboff\u00bb da_has_close=\u00bbon\u00bb da_alt_close=\u00bboff\u00bb da_dark_close=\u00bboff\u00bb da_not_modal=\u00bbon\u00bb da_is_singular=\u00bboff\u00bb da_with_loader=\u00bboff\u00bb da_has_shadow=\u00bbon\u00bb][et_pb_row _builder_version=\u00bb4.21.0&#8243; _module_preset=\u00bbdefault\u00bb global_colors_info=\u00bb{}\u00bb][et_pb_column type=\u00bb4_4&#8243; _builder_version=\u00bb4.21.0&#8243; _module_preset=\u00bbdefault\u00bb global_colors_info=\u00bb{}\u00bb][et_pb_text _builder_version=\u00bb4.23.4&#8243; _module_preset=\u00bbdefault\u00bb header_2_font=\u00bb|300||on|||||\u00bb header_2_text_align=\u00bbcenter\u00bb header_2_text_color=\u00bbgcid-d0fbd824-1e08-47c9-8a4b-35fbb5093e67&#8243; header_2_font_size=\u00bb36px\u00bb border_color_bottom=\u00bb#EE3311&#8243; global_colors_info=\u00bb{%22gcid-d0fbd824-1e08-47c9-8a4b-35fbb5093e67%22:%91%22header_2_text_color%22%93}\u00bb]<\/p>\n<h2>La bodega<\/h2>\n<p>[\/et_pb_text][\/et_pb_column][\/et_pb_row][et_pb_row column_structure=\u00bb3_5,2_5&#8243; _builder_version=\u00bb4.21.0&#8243; _module_preset=\u00bbdefault\u00bb custom_padding=\u00bb0px||||false|false\u00bb global_colors_info=\u00bb{}\u00bb][et_pb_column type=\u00bb3_5&#8243; _builder_version=\u00bb4.21.0&#8243; _module_preset=\u00bbdefault\u00bb global_colors_info=\u00bb{}\u00bb][et_pb_text _builder_version=\u00bb4.22.2&#8243; _module_preset=\u00bbdefault\u00bb text_text_color=\u00bb#FFFFFF\u00bb custom_css_main_element=\u00bbfont-weight: 400;\u00bb global_colors_info=\u00bb{}\u00bb]<\/p>\n<p>La bodega funciona como un barco encajado entre vi\u00f1as, un objeto que reposa su precario equilibrio en el paisaje ind\u00f3mito de este rinc\u00f3n escondido del Priorat.<\/p>\n<p>Un volumen notablemente sumergido que da cabida a los espacios de elaboraci\u00f3n del vino y a las instalaciones t\u00e9cnicas, a cobijo de la vista. Tan solo el recinto superior, en que se ubican los espacios de acceso, embotellamiento y expedici\u00f3n, como tambi\u00e9n el \u00e1rea de visitas, se hace presente sobre el horizonte monta\u00f1oso.<\/p>\n<p>El mimetismo con el paisaje, el dinamismo tecnol\u00f3gico y la ligereza de la cubierta, son los rasgos que definen este edificio agr\u00edcola tan particular. Un edificio, que nuestros esfuerzos de repoblaci\u00f3n forestal, la exuberancia de la vi\u00f1a y, sin duda, el inexorable paso del tiempo, permitir\u00e1n que se integre a la belleza del entorno.<\/p>\n<p>[\/et_pb_text][\/et_pb_column][et_pb_column type=\u00bb2_5&#8243; _builder_version=\u00bb4.21.0&#8243; _module_preset=\u00bbdefault\u00bb global_colors_info=\u00bb{}\u00bb][et_pb_gallery gallery_ids=\u00bb538,544,861,547,1319,1312,1309&#8243; fullwidth=\u00bbon\u00bb _builder_version=\u00bb4.24.0&#8243; _module_preset=\u00bbdefault\u00bb background_layout=\u00bbdark\u00bb auto=\u00bbon\u00bb global_colors_info=\u00bb{}\u00bb][\/et_pb_gallery][\/et_pb_column][\/et_pb_row][\/et_pb_section]<\/p>\n","protected":false},"excerpt":{"rendered":"<p>Entre vi\u00f1asFerrer Bobet se basa en el respeto. Respeto por la tradici\u00f3n vitivin\u00edcola secular del Priorato. Respeto por el desarrollo econ\u00f3mico y social de esta m\u00e1gica comarca del sur de Catalu\u00f1a. Respeto mutuo entre dos buenos amigos, Sergi Ferrer-Salat y Ra\u00fcl Bobet, apasionados del mundo y la cultura del vino. Y respeto por las personas [&hellip;]<\/p>\n","protected":false},"author":3,"featured_media":0,"parent":0,"menu_order":0,"comment_status":"closed","ping_status":"closed","template":"","meta":{"_et_pb_use_builder":"on","_et_pb_old_content":"","_et_gb_content_width":"","footnotes":""},"class_list":["post-681","page","type-page","status-publish","hentry"],"yoast_head":"<!-- This site is optimized with the Yoast SEO plugin v25.5 - https:\/\/yoast.com\/wordpress\/plugins\/seo\/ -->\n<title>Entre vi\u00f1as - Ferrer Bobet<\/title>\n<meta name=\"robots\" content=\"index, follow, max-snippet:-1, max-image-preview:large, max-video-preview:-1\" \/>\n<link rel=\"canonical\" href=\"https:\/\/ferrerbobet.com\/es\/entre-vinas\/\" \/>\n<meta property=\"og:locale\" content=\"es_ES\" \/>\n<meta property=\"og:type\" content=\"article\" \/>\n<meta property=\"og:title\" content=\"Entre vi\u00f1as - Ferrer Bobet\" \/>\n<meta property=\"og:description\" content=\"Entre vi\u00f1asFerrer Bobet se basa en el respeto. Respeto por la tradici\u00f3n vitivin\u00edcola secular del Priorato. Respeto por el desarrollo econ\u00f3mico y social de esta m\u00e1gica comarca del sur de Catalu\u00f1a. Respeto mutuo entre dos buenos amigos, Sergi Ferrer-Salat y Ra\u00fcl Bobet, apasionados del mundo y la cultura del vino. Y respeto por las personas [&hellip;]\" \/>\n<meta property=\"og:url\" content=\"https:\/\/ferrerbobet.com\/es\/entre-vinas\/\" \/>\n<meta property=\"og:site_name\" content=\"Ferrer Bobet\" \/>\n<meta property=\"article:publisher\" content=\"https:\/\/www.facebook.com\/profile.php?id=100057578824777\" \/>\n<meta property=\"article:modified_time\" content=\"2024-06-14T15:24:04+00:00\" \/>\n<meta name=\"twitter:card\" content=\"summary_large_image\" \/>\n<meta name=\"twitter:label1\" content=\"Tiempo de lectura\" \/>\n\t<meta name=\"twitter:data1\" content=\"11 minutos\" \/>\n<script type=\"application\/ld+json\" class=\"yoast-schema-graph\">{\"@context\":\"https:\/\/schema.org\",\"@graph\":[{\"@type\":\"WebPage\",\"@id\":\"https:\/\/ferrerbobet.com\/es\/entre-vinas\/\",\"url\":\"https:\/\/ferrerbobet.com\/es\/entre-vinas\/\",\"name\":\"Entre vi\u00f1as - Ferrer Bobet\",\"isPartOf\":{\"@id\":\"https:\/\/ferrerbobet.com\/es\/#website\"},\"datePublished\":\"2023-06-27T11:50:44+00:00\",\"dateModified\":\"2024-06-14T15:24:04+00:00\",\"breadcrumb\":{\"@id\":\"https:\/\/ferrerbobet.com\/es\/entre-vinas\/#breadcrumb\"},\"inLanguage\":\"es\",\"potentialAction\":[{\"@type\":\"ReadAction\",\"target\":[\"https:\/\/ferrerbobet.com\/es\/entre-vinas\/\"]}]},{\"@type\":\"BreadcrumbList\",\"@id\":\"https:\/\/ferrerbobet.com\/es\/entre-vinas\/#breadcrumb\",\"itemListElement\":[{\"@type\":\"ListItem\",\"position\":1,\"name\":\"Inici\",\"item\":\"https:\/\/ferrerbobet.com\/es\/\"},{\"@type\":\"ListItem\",\"position\":2,\"name\":\"Entre vi\u00f1as\"}]},{\"@type\":\"WebSite\",\"@id\":\"https:\/\/ferrerbobet.com\/es\/#website\",\"url\":\"https:\/\/ferrerbobet.com\/es\/\",\"name\":\"Ferrer Bobet\",\"description\":\"Vins especials\",\"potentialAction\":[{\"@type\":\"SearchAction\",\"target\":{\"@type\":\"EntryPoint\",\"urlTemplate\":\"https:\/\/ferrerbobet.com\/es\/?s={search_term_string}\"},\"query-input\":{\"@type\":\"PropertyValueSpecification\",\"valueRequired\":true,\"valueName\":\"search_term_string\"}}],\"inLanguage\":\"es\"}]}<\/script>\n<!-- \/ Yoast SEO plugin. -->","yoast_head_json":{"title":"Entre vi\u00f1as - Ferrer Bobet","robots":{"index":"index","follow":"follow","max-snippet":"max-snippet:-1","max-image-preview":"max-image-preview:large","max-video-preview":"max-video-preview:-1"},"canonical":"https:\/\/ferrerbobet.com\/es\/entre-vinas\/","og_locale":"es_ES","og_type":"article","og_title":"Entre vi\u00f1as - Ferrer Bobet","og_description":"Entre vi\u00f1asFerrer Bobet se basa en el respeto. Respeto por la tradici\u00f3n vitivin\u00edcola secular del Priorato. Respeto por el desarrollo econ\u00f3mico y social de esta m\u00e1gica comarca del sur de Catalu\u00f1a. Respeto mutuo entre dos buenos amigos, Sergi Ferrer-Salat y Ra\u00fcl Bobet, apasionados del mundo y la cultura del vino. Y respeto por las personas [&hellip;]","og_url":"https:\/\/ferrerbobet.com\/es\/entre-vinas\/","og_site_name":"Ferrer Bobet","article_publisher":"https:\/\/www.facebook.com\/profile.php?id=100057578824777","article_modified_time":"2024-06-14T15:24:04+00:00","twitter_card":"summary_large_image","twitter_misc":{"Tiempo de lectura":"11 minutos"},"schema":{"@context":"https:\/\/schema.org","@graph":[{"@type":"WebPage","@id":"https:\/\/ferrerbobet.com\/es\/entre-vinas\/","url":"https:\/\/ferrerbobet.com\/es\/entre-vinas\/","name":"Entre vi\u00f1as - Ferrer Bobet","isPartOf":{"@id":"https:\/\/ferrerbobet.com\/es\/#website"},"datePublished":"2023-06-27T11:50:44+00:00","dateModified":"2024-06-14T15:24:04+00:00","breadcrumb":{"@id":"https:\/\/ferrerbobet.com\/es\/entre-vinas\/#breadcrumb"},"inLanguage":"es","potentialAction":[{"@type":"ReadAction","target":["https:\/\/ferrerbobet.com\/es\/entre-vinas\/"]}]},{"@type":"BreadcrumbList","@id":"https:\/\/ferrerbobet.com\/es\/entre-vinas\/#breadcrumb","itemListElement":[{"@type":"ListItem","position":1,"name":"Inici","item":"https:\/\/ferrerbobet.com\/es\/"},{"@type":"ListItem","position":2,"name":"Entre vi\u00f1as"}]},{"@type":"WebSite","@id":"https:\/\/ferrerbobet.com\/es\/#website","url":"https:\/\/ferrerbobet.com\/es\/","name":"Ferrer Bobet","description":"Vins especials","potentialAction":[{"@type":"SearchAction","target":{"@type":"EntryPoint","urlTemplate":"https:\/\/ferrerbobet.com\/es\/?s={search_term_string}"},"query-input":{"@type":"PropertyValueSpecification","valueRequired":true,"valueName":"search_term_string"}}],"inLanguage":"es"}]}},"_links":{"self":[{"href":"https:\/\/ferrerbobet.com\/es\/wp-json\/wp\/v2\/pages\/681","targetHints":{"allow":["GET"]}}],"collection":[{"href":"https:\/\/ferrerbobet.com\/es\/wp-json\/wp\/v2\/pages"}],"about":[{"href":"https:\/\/ferrerbobet.com\/es\/wp-json\/wp\/v2\/types\/page"}],"author":[{"embeddable":true,"href":"https:\/\/ferrerbobet.com\/es\/wp-json\/wp\/v2\/users\/3"}],"replies":[{"embeddable":true,"href":"https:\/\/ferrerbobet.com\/es\/wp-json\/wp\/v2\/comments?post=681"}],"version-history":[{"count":0,"href":"https:\/\/ferrerbobet.com\/es\/wp-json\/wp\/v2\/pages\/681\/revisions"}],"wp:attachment":[{"href":"https:\/\/ferrerbobet.com\/es\/wp-json\/wp\/v2\/media?parent=681"}],"curies":[{"name":"wp","href":"https:\/\/api.w.org\/{rel}","templated":true}]}}